{"id":74,"date":"2015-09-18T11:51:24","date_gmt":"2015-09-18T10:51:24","guid":{"rendered":"http:\/\/cargo.omnicom-dev.com\/transport-company\/?page_id=74"},"modified":"2020-12-28T07:46:40","modified_gmt":"2020-12-28T10:46:40","slug":"medidas-covid-19","status":"publish","type":"page","link":"https:\/\/panamericancargo.com.ar\/demo\/medidas-covid-19\/","title":{"rendered":"Medidas Covid-19"},"content":{"rendered":"<div class=\"bt_rc_container\"><section id=\"bt_section69f225c333c7f\" data-parallax=\"0.1\" data-parallax-offset=\"-50\" class=\"boldSection topExtraSpaced bottomSpaced btDarkSkin gutter inherit btParallax wBackground cover\" style=\"background-color:#023341;background-image:url('https:\/\/panamericancargo.com.ar\/demo\/wp-content\/uploads\/2020\/11\/medidas-covid-3-e1606682603783.jpg');\"><div class=\"port\"><div class=\"boldCell\"><div class=\"boldCellInner\"><div class=\"boldRow \" ><div class=\"rowItem col-md-12 col-ms-12  btTextLeft animate animate-fadein animate-moveleft inherit\"  ><div class=\"rowItemContent\"><header class=\"header btClear large btDash bottomDash  btAccentDash btRegularTitle\" style=\"max-width: 800px;\"><p class=\"btSuperTitle\">Covid-19<\/p><div class=\"dash\"><h2><span class=\"headline\">MEDIDAS TOMADAS POR PANAMERICAN CARGO S.A.<\/span><\/h2><\/div><\/header><header class=\"header btClear medium btDash bottomDash  btAccentDash btRegularTitle\" style=\"max-width: 800px;\"><p class=\"btSubTitle\">De la noche a la ma\u00f1ana, el COVID-19 ha puesto a prueba al mundo y nuestra forma de vida. En estos momentos de incertidumbre, es a\u00fan m\u00e1s importante que los negocios como el suyo permanezcan activos para continuar proporcionando mercanc\u00edas y servicios a nuestras comunidades.<\/p><\/header><\/div><\/div><\/div><\/div><\/div><\/div><\/section><section id=\"bt_section69f225c3342b9\"  class=\"boldSection gutter\" ><div class=\"port\"><div class=\"boldCell\"><div class=\"boldCellInner\"><div class=\"boldRow \" ><div class=\"rowItem col-md-8 col-ms-12  btTextLeft inherit\"  ><div class=\"rowItemContent\"><div class=\"btClear btSeparator topSmallSpaced noBorder\" ><hr><\/div><header class=\"header btClear medium btDash topDash  btLightAlternateDash btLightAccentTitle\" style=\"max-width: 800px;\"><p class=\"btSubTitle\">Estamos siguiendo las recomendaciones de las agencias gubernamentales locales y la Organizaci\u00f3n Mundial de la Salud (OMS) mientras nos esforzamos por ayudar a proteger a nuestros clientes y a los miembros de nuestro equipo.<\/p><\/header><header class=\"header btClear medium btDash bottomDash  btAccentDash btDarkAccentTitle\" style=\"max-width: 800px;\"><p class=\"btSubTitle\">Como consecuencia de esto, tomamos como principal medida el fortalecimiento de la educaci\u00f3n e higiene de los miembros de nuestro equipo con comunicaciones y recordatorios frecuentes:<\/p><\/header><header class=\"header btClear medium btDash bottomDash  btLightAccentDash btRegularTitle\" style=\"max-width: 800px;\"><p class=\"btSubTitle\">\u25cf Fomentamos el uso de buenas pr\u00e1cticas de higiene con los miembros del equipo, incluido el lavado frecuente de manos.<\/p><\/header><header class=\"header btClear medium btDash bottomDash  btAccentDash btRegularTitle\" style=\"max-width: 800px;\"><p class=\"btSubTitle\">\u25cf Educamos a los miembros del equipo sobre el COVID-19 y compartimos recursos sobre c\u00f3mo mantener limpio el lugar de trabajo.<\/p><\/header><header class=\"header btClear medium btDash bottomDash  btAccentDash btRegularTitle\" style=\"max-width: 800px;\"><p class=\"btSubTitle\">\u25cf Recomendamos a los miembros del equipo vigilar de cerca su salud y buscar atenci\u00f3n m\u00e9dica si desarrollan s\u00edntomas similares a la gripe. Se pedir\u00e1 a todo miembro del equipo que reporte o muestre s\u00edntomas similares a los de la gripe que permanezca en casa.<\/p><\/header><div class=\"btClear btSeparator topSmallSpaced noBorder\" ><hr><\/div><header class=\"header btClear small btDash bottomDash  btAccentDash btRegularTitle\" style=\"max-width: 800px;\"><p class=\"btSuperTitle\">Para obtener informaci\u00f3n, recomendaciones y medidas de prevenci\u00f3n dispuestas por el Ministerio de Salud de la Naci\u00f3n, consult\u00e1 el enlace.<\/p><\/header><div class=\"bpgPhoto btTextCenter\" > \r\n\t\t\t\t\t<a href=\"https:\/\/www.argentina.gob.ar\/salud\/coronavirus-COVID-19?utm_source=alerta_20200424&amp;utm_medium=web&amp;utm_campaign=campana_coronavirus\" target=\"_self\"><\/a>\r\n\t\t\t\t\t<div class=\"boldPhotoBox\"><div class=\"bpbItem\"><div class=\"btImage\"><img src=\"https:\/\/panamericancargo.com.ar\/demo\/wp-content\/uploads\/2020\/11\/logo_argentina-blanco-1.png\" alt=\"logo_argentina-blanco-1.png\"><\/div><\/div><\/div>\r\n\t\t\t\t\t<div class=\"captionPane\">\r\n\t\t\t\t\t\t<div class=\"captionTable\">\r\n\t\t\t\t\t\t\t<div class=\"captionCell\">\r\n\t\t\t\t\t\t\t\t<div class=\"captionTxt\"><header class=\"header btClear small btDash bottomDash\" ><\/header><\/div>\r\n\t\t\t\t\t\t\t<\/div>\r\n\t\t\t\t\t\t<\/div>\r\n\t\t\t\t\t<\/div><\/div><div class=\"btClear btSeparator topSmallSpaced noBorder\" ><hr><\/div><div class=\"btClear btSeparator topSmallSpaced noBorder\" ><hr><\/div><div class=\"btClear btSeparator topSmallSpaced noBorder\" ><hr><\/div><\/div><\/div><div class=\"rowItem col-sm-4 col-ms-12 btTextLeft\"  ><div class=\"rowItemContent\"><\/div><\/div><\/div><\/div><\/div><\/div><\/section><\/div>","protected":false},"excerpt":{"rendered":"","protected":false},"author":1,"featured_media":0,"parent":0,"menu_order":0,"comment_status":"closed","ping_status":"closed","template":"","meta":[],"_links":{"self":[{"href":"https:\/\/panamericancargo.com.ar\/demo\/wp-json\/wp\/v2\/pages\/74"}],"collection":[{"href":"https:\/\/panamericancargo.com.ar\/demo\/wp-json\/wp\/v2\/pages"}],"about":[{"href":"https:\/\/panamericancargo.com.ar\/demo\/wp-json\/wp\/v2\/types\/page"}],"author":[{"embeddable":true,"href":"https:\/\/panamericancargo.com.ar\/demo\/wp-json\/wp\/v2\/users\/1"}],"replies":[{"embeddable":true,"href":"https:\/\/panamericancargo.com.ar\/demo\/wp-json\/wp\/v2\/comments?post=74"}],"version-history":[{"count":8,"href":"https:\/\/panamericancargo.com.ar\/demo\/wp-json\/wp\/v2\/pages\/74\/revisions"}],"predecessor-version":[{"id":2214,"href":"https:\/\/panamericancargo.com.ar\/demo\/wp-json\/wp\/v2\/pages\/74\/revisions\/2214"}],"wp:attachment":[{"href":"https:\/\/panamericancargo.com.ar\/demo\/wp-json\/wp\/v2\/media?parent=74"}],"curies":[{"name":"wp","href":"https:\/\/api.w.org\/{rel}","templated":true}]}}